{"id":260,"date":"2025-05-03T19:33:37","date_gmt":"2025-05-03T17:33:37","guid":{"rendered":"https:\/\/permanente-impfambulanz.de\/apotheke\/apothekenprodukte\/verdexedil-spray\/"},"modified":"2025-05-03T19:33:46","modified_gmt":"2025-05-03T17:33:46","slug":"verdexedil-spray","status":"publish","type":"product","link":"https:\/\/permanente-impfambulanz.de\/apotheke\/apothekenprodukte\/verdexedil-spray\/","title":{"rendered":"Verdexedil Spray"},"content":{"rendered":"<div id=\"ez-toc-container\" class=\"ez-toc-v2_0_82_2 counter-hierarchy ez-toc-counter ez-toc-grey ez-toc-container-direction\">\n<div class=\"ez-toc-title-container\">\n<p class=\"ez-toc-title\" style=\"cursor:inherit\">Table of Contents<\/p>\n<span class=\"ez-toc-title-toggle\"><a href=\"#\" class=\"ez-toc-pull-right ez-toc-btn ez-toc-btn-xs ez-toc-btn-default ez-toc-toggle\" aria-label=\"Toggle Table of Content\"><span class=\"ez-toc-js-icon-con\"><span class=\"\"><span class=\"eztoc-hide\" style=\"display:none;\">Toggle<\/span><span class=\"ez-toc-icon-toggle-span\"><svg style=\"fill: #999;color:#999\" xmlns=\"http:\/\/www.w3.org\/2000\/svg\" class=\"list-377408\" width=\"20px\" height=\"20px\" viewBox=\"0 0 24 24\" fill=\"none\"><path d=\"M6 6H4v2h2V6zm14 0H8v2h12V6zM4 11h2v2H4v-2zm16 0H8v2h12v-2zM4 16h2v2H4v-2zm16 0H8v2h12v-2z\" fill=\"currentColor\"><\/path><\/svg><svg style=\"fill: #999;color:#999\" class=\"arrow-unsorted-368013\" xmlns=\"http:\/\/www.w3.org\/2000\/svg\" width=\"10px\" height=\"10px\" viewBox=\"0 0 24 24\" version=\"1.2\" baseProfile=\"tiny\"><path d=\"M18.2 9.3l-6.2-6.3-6.2 6.3c-.2.2-.3.4-.3.7s.1.5.3.7c.2.2.4.3.7.3h11c.3 0 .5-.1.7-.3.2-.2.3-.5.3-.7s-.1-.5-.3-.7zM5.8 14.7l6.2 6.3 6.2-6.3c.2-.2.3-.5.3-.7s-.1-.5-.3-.7c-.2-.2-.4-.3-.7-.3h-11c-.3 0-.5.1-.7.3-.2.2-.3.5-.3.7s.1.5.3.7z\"\/><\/svg><\/span><\/span><\/span><\/a><\/span><\/div>\n<nav><ul class='ez-toc-list ez-toc-list-level-1 ' ><li class='ez-toc-page-1 ez-toc-heading-level-2'><a class=\"ez-toc-link ez-toc-heading-1\" href=\"https:\/\/permanente-impfambulanz.de\/apotheke\/apothekenprodukte\/verdexedil-spray\/#Was_ist_Verdexedil_und_wofuer_wird_es_angewendet\" >Was ist Verdexedil und wof\u00fcr wird es angewendet?<\/a><\/li><li class='ez-toc-page-1 ez-toc-heading-level-2'><a class=\"ez-toc-link ez-toc-heading-2\" href=\"https:\/\/permanente-impfambulanz.de\/apotheke\/apothekenprodukte\/verdexedil-spray\/#Anwendungsgebiete_von_Verdexedil\" >Anwendungsgebiete von Verdexedil<\/a><\/li><li class='ez-toc-page-1 ez-toc-heading-level-2'><a class=\"ez-toc-link ez-toc-heading-3\" href=\"https:\/\/permanente-impfambulanz.de\/apotheke\/apothekenprodukte\/verdexedil-spray\/#Was_enthaelt_Verdexedil_Zusammensetzung_und_Wirkstoffe\" >Was enth\u00e4lt Verdexedil? Zusammensetzung und Wirkstoffe<\/a><ul class='ez-toc-list-level-3' ><li class='ez-toc-heading-level-3'><a class=\"ez-toc-link ez-toc-heading-4\" href=\"https:\/\/permanente-impfambulanz.de\/apotheke\/apothekenprodukte\/verdexedil-spray\/#Rosemary_leaf_oil_and_carnosic_acid\" >Rosemary leaf oil and carnosic acid<\/a><\/li><li class='ez-toc-page-1 ez-toc-heading-level-3'><a class=\"ez-toc-link ez-toc-heading-5\" href=\"https:\/\/permanente-impfambulanz.de\/apotheke\/apothekenprodukte\/verdexedil-spray\/#WKPep_R_M3000-TRI_Peptide\" >WKPep (R) M3000-TRI Peptide<\/a><\/li><li class='ez-toc-page-1 ez-toc-heading-level-3'><a class=\"ez-toc-link ez-toc-heading-6\" href=\"https:\/\/permanente-impfambulanz.de\/apotheke\/apothekenprodukte\/verdexedil-spray\/#Panthenol\" >Panthenol<\/a><\/li><li class='ez-toc-page-1 ez-toc-heading-level-3'><a class=\"ez-toc-link ez-toc-heading-7\" href=\"https:\/\/permanente-impfambulanz.de\/apotheke\/apothekenprodukte\/verdexedil-spray\/#Plant_Omega_3_Leinsamenoel_Sacha_Inchi_Oel\" >Plant Omega 3 (Leinsamen\u00f6l, Sacha Inchi \u00d6l)<\/a><\/li><li class='ez-toc-page-1 ez-toc-heading-level-3'><a class=\"ez-toc-link ez-toc-heading-8\" href=\"https:\/\/permanente-impfambulanz.de\/apotheke\/apothekenprodukte\/verdexedil-spray\/#Keratin\" >Keratin<\/a><\/li><\/ul><\/li><li class='ez-toc-page-1 ez-toc-heading-level-2'><a class=\"ez-toc-link ez-toc-heading-9\" href=\"https:\/\/permanente-impfambulanz.de\/apotheke\/apothekenprodukte\/verdexedil-spray\/#Packungsbeilage_%E2%80%93_Informationen_fuer_Patienten\" >Packungsbeilage \u2013 Informationen f\u00fcr Patienten<\/a><ul class='ez-toc-list-level-3' ><li class='ez-toc-heading-level-3'><a class=\"ez-toc-link ez-toc-heading-10\" href=\"https:\/\/permanente-impfambulanz.de\/apotheke\/apothekenprodukte\/verdexedil-spray\/#Name_des_Arzneimittels\" >Name des Arzneimittels<\/a><\/li><li class='ez-toc-page-1 ez-toc-heading-level-3'><a class=\"ez-toc-link ez-toc-heading-11\" href=\"https:\/\/permanente-impfambulanz.de\/apotheke\/apothekenprodukte\/verdexedil-spray\/#Darreichungsform_und_Verpackung\" >Darreichungsform und Verpackung<\/a><\/li><li class='ez-toc-page-1 ez-toc-heading-level-3'><a class=\"ez-toc-link ez-toc-heading-12\" href=\"https:\/\/permanente-impfambulanz.de\/apotheke\/apothekenprodukte\/verdexedil-spray\/#Anwendungsgebiete\" >Anwendungsgebiete<\/a><\/li><li class='ez-toc-page-1 ez-toc-heading-level-3'><a class=\"ez-toc-link ez-toc-heading-13\" href=\"https:\/\/permanente-impfambulanz.de\/apotheke\/apothekenprodukte\/verdexedil-spray\/#Gegenanzeigen\" >Gegenanzeigen<\/a><\/li><li class='ez-toc-page-1 ez-toc-heading-level-3'><a class=\"ez-toc-link ez-toc-heading-14\" href=\"https:\/\/permanente-impfambulanz.de\/apotheke\/apothekenprodukte\/verdexedil-spray\/#Moegliche_Nebenwirkungen\" >M\u00f6gliche Nebenwirkungen<\/a><\/li><li class='ez-toc-page-1 ez-toc-heading-level-3'><a class=\"ez-toc-link ez-toc-heading-15\" href=\"https:\/\/permanente-impfambulanz.de\/apotheke\/apothekenprodukte\/verdexedil-spray\/#Wechselwirkungen_mit_anderen_Arzneimitteln\" >Wechselwirkungen mit anderen Arzneimitteln<\/a><\/li><li class='ez-toc-page-1 ez-toc-heading-level-3'><a class=\"ez-toc-link ez-toc-heading-16\" href=\"https:\/\/permanente-impfambulanz.de\/apotheke\/apothekenprodukte\/verdexedil-spray\/#Dosierung_und_Art_der_Anwendung\" >Dosierung und Art der Anwendung<\/a><\/li><li class='ez-toc-page-1 ez-toc-heading-level-3'><a class=\"ez-toc-link ez-toc-heading-17\" href=\"https:\/\/permanente-impfambulanz.de\/apotheke\/apothekenprodukte\/verdexedil-spray\/#Behandlungsdauer\" >Behandlungsdauer<\/a><\/li><li class='ez-toc-page-1 ez-toc-heading-level-3'><a class=\"ez-toc-link ez-toc-heading-18\" href=\"https:\/\/permanente-impfambulanz.de\/apotheke\/apothekenprodukte\/verdexedil-spray\/#Vorsichtsmassnahmen_und_Warnhinweise\" >Vorsichtsma\u00dfnahmen und Warnhinweise<\/a><\/li><li class='ez-toc-page-1 ez-toc-heading-level-3'><a class=\"ez-toc-link ez-toc-heading-19\" href=\"https:\/\/permanente-impfambulanz.de\/apotheke\/apothekenprodukte\/verdexedil-spray\/#Ueberdosierung\" >\u00dcberdosierung<\/a><\/li><li class='ez-toc-page-1 ez-toc-heading-level-3'><a class=\"ez-toc-link ez-toc-heading-20\" href=\"https:\/\/permanente-impfambulanz.de\/apotheke\/apothekenprodukte\/verdexedil-spray\/#Verfallsdatum\" >Verfallsdatum<\/a><\/li><li class='ez-toc-page-1 ez-toc-heading-level-3'><a class=\"ez-toc-link ez-toc-heading-21\" href=\"https:\/\/permanente-impfambulanz.de\/apotheke\/apothekenprodukte\/verdexedil-spray\/#Aufbewahrungsbedingungen\" >Aufbewahrungsbedingungen<\/a><\/li><\/ul><\/li><li class='ez-toc-page-1 ez-toc-heading-level-2'><a class=\"ez-toc-link ez-toc-heading-22\" href=\"https:\/\/permanente-impfambulanz.de\/apotheke\/apothekenprodukte\/verdexedil-spray\/#Verdexedil_im_Test_%E2%80%93_Echte_Erfahrungen_und_Bewertungen\" >Verdexedil im Test \u2013 Echte Erfahrungen und Bewertungen<\/a><\/li><li class='ez-toc-page-1 ez-toc-heading-level-2'><a class=\"ez-toc-link ez-toc-heading-23\" href=\"https:\/\/permanente-impfambulanz.de\/apotheke\/apothekenprodukte\/verdexedil-spray\/#Verdexedil_online_kaufen_in_Deutschland_Oesterreich_Schweiz_%E2%80%93_Preis_und_schnelle_Lieferung\" >Verdexedil online kaufen in Deutschland, \u00d6sterreich, Schweiz \u2013 Preis und schnelle Lieferung<\/a><ul class='ez-toc-list-level-3' ><li class='ez-toc-heading-level-3'><a class=\"ez-toc-link ez-toc-heading-24\" href=\"https:\/\/permanente-impfambulanz.de\/apotheke\/apothekenprodukte\/verdexedil-spray\/#Preis\" >Preis<\/a><\/li><li class='ez-toc-page-1 ez-toc-heading-level-3'><a class=\"ez-toc-link ez-toc-heading-25\" href=\"https:\/\/permanente-impfambulanz.de\/apotheke\/apothekenprodukte\/verdexedil-spray\/#In_der_Apotheke_kaufen\" >In der Apotheke kaufen<\/a><\/li><li class='ez-toc-page-1 ez-toc-heading-level-3'><a class=\"ez-toc-link ez-toc-heading-26\" href=\"https:\/\/permanente-impfambulanz.de\/apotheke\/apothekenprodukte\/verdexedil-spray\/#Zahlungs-_und_Liefermethoden\" >Zahlungs- und Liefermethoden<\/a><\/li><\/ul><\/li><li class='ez-toc-page-1 ez-toc-heading-level-2'><a class=\"ez-toc-link ez-toc-heading-27\" href=\"https:\/\/permanente-impfambulanz.de\/apotheke\/apothekenprodukte\/verdexedil-spray\/#FAQ_Haeufig_gestellte_Fragen\" >FAQ: H\u00e4ufig gestellte Fragen<\/a><ul class='ez-toc-list-level-3' ><li class='ez-toc-heading-level-3'><a class=\"ez-toc-link ez-toc-heading-28\" href=\"https:\/\/permanente-impfambulanz.de\/apotheke\/apothekenprodukte\/verdexedil-spray\/#Wie_wirkt_der_Verdexedil-Spray_gegen_Haarausfall\" >Wie wirkt der Verdexedil-Spray gegen Haarausfall?<\/a><\/li><li class='ez-toc-page-1 ez-toc-heading-level-3'><a class=\"ez-toc-link ez-toc-heading-29\" href=\"https:\/\/permanente-impfambulanz.de\/apotheke\/apothekenprodukte\/verdexedil-spray\/#Kann_ich_Verdexedil-Spray_auch_bei_empfindlicher_Kopfhaut_verwenden\" >Kann ich Verdexedil-Spray auch bei empfindlicher Kopfhaut verwenden?<\/a><\/li><li class='ez-toc-page-1 ez-toc-heading-level-3'><a class=\"ez-toc-link ez-toc-heading-30\" href=\"https:\/\/permanente-impfambulanz.de\/apotheke\/apothekenprodukte\/verdexedil-spray\/#Ist_der_Verdexedil-Spray_auch_fuer_die_Anwendung_bei_aelteren_Menschen_geeignet\" >Ist der Verdexedil-Spray auch f\u00fcr die Anwendung bei \u00e4lteren Menschen geeignet?<\/a><\/li><li class='ez-toc-page-1 ez-toc-heading-level-3'><a class=\"ez-toc-link ez-toc-heading-31\" href=\"https:\/\/permanente-impfambulanz.de\/apotheke\/apothekenprodukte\/verdexedil-spray\/#Ist_der_Verdexedil-Spray_auch_fuer_die_Anwendung_bei_trockener_Kopfhaut_geeignet\" >Ist der Verdexedil-Spray auch f\u00fcr die Anwendung bei trockener Kopfhaut geeignet?<\/a><\/li><li class='ez-toc-page-1 ez-toc-heading-level-3'><a class=\"ez-toc-link ez-toc-heading-32\" href=\"https:\/\/permanente-impfambulanz.de\/apotheke\/apothekenprodukte\/verdexedil-spray\/#Ist_der_Verdexedil-Spray_auch_fuer_die_Anwendung_bei_Jugendlichen_geeignet\" >Ist der Verdexedil-Spray auch f\u00fcr die Anwendung bei Jugendlichen geeignet?<\/a><\/li><\/ul><\/li><\/ul><\/nav><\/div>\n<h2><span class=\"ez-toc-section\" id=\"Was_ist_Verdexedil_und_wofuer_wird_es_angewendet\"><\/span>Was ist Verdexedil und wof\u00fcr wird es angewendet?<span class=\"ez-toc-section-end\"><\/span><\/h2>\n<p>Verdexedil ist ein spezieller Haarspray, der entwickelt wurde, um den Haarausfall zu reduzieren und das Haarwachstum zu f\u00f6rdern. Es handelt sich um ein topisches Pr\u00e4parat, das direkt auf die Kopfhaut aufgetragen wird. Das Produkt enth\u00e4lt Wirkstoffe, die die Durchblutung der Haarfollikel verbessern und den Haarschaft st\u00e4rken sollen.  <\/p>\n<p>Das Hauptziel von Verdexedil ist es, M\u00e4nnern und Frauen bei der Bek\u00e4mpfung von erblich bedingtem Haarausfall zu helfen. Es wird angewendet, um die Haardichte zu erh\u00f6hen und das Erscheinungsbild eines volleren Haares zu erzielen. Das Spray ist eine praktische Alternative zu anderen Behandlungsformen und kann in die t\u00e4gliche Pflegeroutine integriert werden.<\/p>\n<h2><span class=\"ez-toc-section\" id=\"Anwendungsgebiete_von_Verdexedil\"><\/span>Anwendungsgebiete von Verdexedil<span class=\"ez-toc-section-end\"><\/span><\/h2>\n<p>Verdexedil wird haupts\u00e4chlich bei androgenetischer Alopezie, also erblich bedingtem Haarausfall, eingesetzt. Diese Form des Haarausfalls tritt h\u00e4ufig bei M\u00e4nnern, aber auch bei Frauen auf und ist durch bestimmte Symptome gekennzeichnet:  <\/p>\n<ul>\n<li>Sichtbares Ausd\u00fcnnen der Haare auf dem Scheitel und an den Schl\u00e4fen  <\/li>\n<li>R\u00fcckgang der Haardichte im Bereich der Kopfhaut  <\/li>\n<li>Vergr\u00f6\u00dferung der kahlen Stellen im Laufe der Zeit  <\/li>\n<li>Empfindlichkeit oder Juckreiz auf der Kopfhaut (bei einigen Betroffenen)<\/li>\n<\/ul>\n<p>Das Spray kann helfen, den fortschreitenden Haarausfall zu verlangsamen und das Wachstum neuer Haare zu stimulieren. Es ist besonders geeignet f\u00fcr Menschen, die erste Anzeichen von Haarausfall bemerken und eine nicht-invasive Behandlungsm\u00f6glichkeit suchen.<\/p>\n<h2><span class=\"ez-toc-section\" id=\"Was_enthaelt_Verdexedil_Zusammensetzung_und_Wirkstoffe\"><\/span>Was enth\u00e4lt Verdexedil? Zusammensetzung und Wirkstoffe<span class=\"ez-toc-section-end\"><\/span><\/h2>\n<p>Verdexedil enth\u00e4lt eine sorgf\u00e4ltig zusammengestellte Mischung aktiver Inhaltsstoffe, die speziell auf die Bed\u00fcrfnisse bei Haarausfall abgestimmt sind. Zu den Hauptbestandteilen geh\u00f6ren Rosmarinblatt\u00f6l und Carnosins\u00e4ure, das WKPep (R) M3000-TRI Peptid, Panthenol sowie pflanzliche Omega-3-\u00d6le (Leinsamen\u00f6l und Sacha Inchi \u00d6l) und Keratin. Diese Komponenten sind frei von sch\u00e4dlichen Substanzen und zeichnen sich durch ihre hohe Qualit\u00e4t aus. Die Kombination dieser Wirkstoffe sorgt f\u00fcr eine effektive und schonende Behandlung, unterst\u00fctzt die Gesundheit der Kopfhaut und f\u00f6rdert das Haarwachstum.  <\/p>\n<h3><span class=\"ez-toc-section\" id=\"Rosemary_leaf_oil_and_carnosic_acid\"><\/span>Rosemary leaf oil and carnosic acid<span class=\"ez-toc-section-end\"><\/span><\/h3>\n<p>Rosmarinblatt\u00f6l ist ein nat\u00fcrliches \u00e4therisches \u00d6l, das aus den Bl\u00e4ttern des Rosmarinstrauchs gewonnen wird. Es wird seit Jahrhunderten in der Naturheilkunde verwendet, vor allem wegen seiner positiven Wirkung auf die Durchblutung und die Regeneration der Haut. Carnosins\u00e4ure ist ein antioxidatives Polyphenol, das ebenfalls aus Rosmarin extrahiert wird und die Zellschutzfunktion unterst\u00fctzt.  <\/p>\n<p>In Bezug auf Haarausfall wirkt Rosmarin\u00f6l durch seine durchblutungsf\u00f6rdernden Eigenschaften, was die Versorgung der Haarfollikel mit N\u00e4hrstoffen verbessert. Carnosins\u00e4ure sch\u00fctzt die Zellen vor freien Radikalen, reduziert Entz\u00fcndungen und kann dadurch die Gesundheit der Kopfhaut stabilisieren, was f\u00fcr das Haarwachstum essenziell ist. Studien deuten darauf hin, dass diese Inhaltsstoffe den Haarausfall verlangsamen und das Wachstum neuer Haare anregen k\u00f6nnen.  <\/p>\n<h3><span class=\"ez-toc-section\" id=\"WKPep_R_M3000-TRI_Peptide\"><\/span>WKPep (R) M3000-TRI Peptide<span class=\"ez-toc-section-end\"><\/span><\/h3>\n<p>Das WKPep (R) M3000-TRI Peptid ist eine spezielle Peptidformulierung, die synthetisch hergestellt wird, um die Regeneration der Haarfollikel zu unterst\u00fctzen. Peptide sind kurze Ketten von Aminos\u00e4uren, die als Bausteine f\u00fcr Proteine dienen und in der Hautpflege f\u00fcr ihre regenerativen Eigenschaften gesch\u00e4tzt werden.  <\/p>\n<p>Wissenschaftliche Untersuchungen haben gezeigt, dass Peptide die Produktion von Kollagen und anderen wichtigen Proteinen in der Haut f\u00f6rdern. In Bezug auf Haarausfall k\u00f6nnen sie die Durchblutung der Kopfhaut verbessern, die Zellteilung in den Follikeln anregen und somit das Haarwachstum f\u00f6rdern. Die Anwendung solcher Peptide kann die Haarfollikel st\u00e4rken und die Haarqualit\u00e4t insgesamt verbessern.  <\/p>\n<h3><span class=\"ez-toc-section\" id=\"Panthenol\"><\/span>Panthenol<span class=\"ez-toc-section-end\"><\/span><\/h3>\n<p>Panthenol, auch bekannt als Provitamin B5, ist ein beliebter Wirkstoff in der Haut- und Haarpflege. Es ist ein chemisches Derivat der Pantothens\u00e4ure, das aus pflanzlichen Quellen oder synthetisch hergestellt wird. Panthenol hat die F\u00e4higkeit, tief in die Haut und die Haarstruktur einzudringen, Feuchtigkeit zu spenden und die Elastizit\u00e4t zu erh\u00f6hen.  <\/p>\n<p>In Bezug auf Haarausfall ist Panthenol bekannt f\u00fcr seine feuchtigkeitsspendenden und pflegenden Eigenschaften. Es st\u00e4rkt die Haarstruktur, reduziert Haarbruch und f\u00f6rdert eine gesunde Kopfhaut. Studien belegen, dass Panthenol die Haarfollikel stimulieren und somit das Haarwachstum positiv beeinflussen kann. Es tr\u00e4gt au\u00dferdem dazu bei, die Kopfhaut zu beruhigen und Reizungen zu lindern, was die Voraussetzungen f\u00fcr gesundes Haarwachstum verbessert.<\/p>\n<h3><span class=\"ez-toc-section\" id=\"Plant_Omega_3_Leinsamenoel_Sacha_Inchi_Oel\"><\/span>Plant Omega 3 (Leinsamen\u00f6l, Sacha Inchi \u00d6l)<span class=\"ez-toc-section-end\"><\/span><\/h3>\n<p>Leinsamen\u00f6l ist ein pflanzliches \u00d6l, das aus den Samen der Flachspflanze gewonnen wird. Es ist reich an Alpha-Linolens\u00e4ure, einer Omega-3-Fetts\u00e4ure, die f\u00fcr ihre entz\u00fcndungshemmenden und hautpflegenden Eigenschaften bekannt ist. Sacha Inchi \u00d6l stammt von den Samen der peruanischen Sacha Inchi Pflanze, auch bekannt als Inka-\u00d6l. Es ist ebenfalls eine ausgezeichnete Quelle f\u00fcr Omega-3-Fetts\u00e4uren, sowie f\u00fcr Antioxidantien und Proteine.  <\/p>\n<p>Diese pflanzlichen \u00d6le sind f\u00fcr ihre F\u00e4higkeit bekannt, die Kopfhaut zu n\u00e4hren, die Durchblutung zu verbessern und die Haarfollikel zu st\u00e4rken. Sie helfen zudem, die Haarstruktur zu verbessern, Trockenheit und Br\u00fcchigkeit zu reduzieren und die Kopfhaut vor Umweltstress zu sch\u00fctzen. Studien belegen, dass eine ausreichende Versorgung mit Omega-3-Fetts\u00e4uren die Gesundheit der Haare f\u00f6rdert, Haarausfall verlangsamt und das Wachstum neuer Haare anregt. Omega-3-Fetts\u00e4uren tragen au\u00dferdem dazu bei, Entz\u00fcndungen auf der Kopfhaut zu reduzieren, was bei Haarausfall durch entz\u00fcndliche Prozesse hilfreich sein kann.<\/p>\n<h3><span class=\"ez-toc-section\" id=\"Keratin\"><\/span>Keratin<span class=\"ez-toc-section-end\"><\/span><\/h3>\n<p>Keratin ist ein fibrill\u00e4res Protein, das den Hauptbestandteil der menschlichen Haare, N\u00e4gel und Haut bildet. Es wird nat\u00fcrlich im K\u00f6rper produziert, kann aber auch in Haarpflegeprodukten erg\u00e4nzt werden, um die Haarstruktur zu st\u00e4rken. Keratin wird aus tierischen Quellen oder synthetisch hergestellt und ist in vielen Haarpflegeprodukten enthalten, um gesch\u00e4digtes oder br\u00fcchiges Haar zu reparieren.  <\/p>\n<p>Im Zusammenhang mit Haarausfall ist Keratin besonders wertvoll, weil es hilft, die Haarfasern zu rekonstruieren und zu sch\u00fctzen. Es umh\u00fcllt die einzelnen Haarfasern, st\u00e4rkt die Haarstruktur und macht das Haar widerstandsf\u00e4higer gegen mechanische Belastungen und Umwelteinfl\u00fcsse. Wissenschaftliche Untersuchungen zeigen, dass die Anwendung von Keratin-Infusionen oder -Shampoos die Haarst\u00e4rke erh\u00f6ht, das Haar glatter macht und den Haarausfall verringert, indem es die Haarfollikel sch\u00fctzt und die Gesundheit der Kopfhaut f\u00f6rdert.<\/p>\n<h2><span class=\"ez-toc-section\" id=\"Packungsbeilage_%E2%80%93_Informationen_fuer_Patienten\"><\/span>Packungsbeilage \u2013 Informationen f\u00fcr Patienten<span class=\"ez-toc-section-end\"><\/span><\/h2>\n<h3><span class=\"ez-toc-section\" id=\"Name_des_Arzneimittels\"><\/span>Name des Arzneimittels<span class=\"ez-toc-section-end\"><\/span><\/h3>\n<p>Verdexedil \u2013 Spray gegen Haarausfall<\/p>\n<h3><span class=\"ez-toc-section\" id=\"Darreichungsform_und_Verpackung\"><\/span>Darreichungsform und Verpackung<span class=\"ez-toc-section-end\"><\/span><\/h3>\n<p>Dieses Arzneimittel liegt in Form eines topischen Sprays vor, das in einer Flasche mit Applikator ausgestattet ist. Die Verpackung enth\u00e4lt in der Regel eine Flasche mit 50 ml oder 100 ml Sprayinhalt.<\/p>\n<h3><span class=\"ez-toc-section\" id=\"Anwendungsgebiete\"><\/span>Anwendungsgebiete<span class=\"ez-toc-section-end\"><\/span><\/h3>\n<p>Verdexedil wird angewendet zur Behandlung von erblich bedingtem Haarausfall (androgenetische Alopezie) bei M\u00e4nnern und Frauen. Es soll den Haarausfall verlangsamen, das Haarwachstum f\u00f6rdern und die Haardichte verbessern.<\/p>\n<h3><span class=\"ez-toc-section\" id=\"Gegenanzeigen\"><\/span>Gegenanzeigen<span class=\"ez-toc-section-end\"><\/span><\/h3>\n<p>Das Arzneimittel darf nicht angewendet werden bei Personen, die allergisch gegen einen der Inhaltsstoffe sind, insbesondere gegen Rosmarin\u00f6l, Peptide oder Panthenol. Es ist nicht geeignet f\u00fcr Personen mit bekannten \u00dcberempfindlichkeiten gegen\u00fcber den enthaltenen Bestandteilen.<\/p>\n<h3><span class=\"ez-toc-section\" id=\"Moegliche_Nebenwirkungen\"><\/span>M\u00f6gliche Nebenwirkungen<span class=\"ez-toc-section-end\"><\/span><\/h3>\n<p>Bei der Anwendung k\u00f6nnen allergische Reaktionen wie Hautausschlag, Juckreiz, R\u00f6tung oder Schwellungen an der behandelten Stelle auftreten. In seltenen F\u00e4llen sind allergische Kontaktdermatitis und Reizungen m\u00f6glich.<\/p>\n<h3><span class=\"ez-toc-section\" id=\"Wechselwirkungen_mit_anderen_Arzneimitteln\"><\/span>Wechselwirkungen mit anderen Arzneimitteln<span class=\"ez-toc-section-end\"><\/span><\/h3>\n<p>Das Spray kann grunds\u00e4tzlich zusammen mit anderen topischen Pr\u00e4paraten angewendet werden. Es wird empfohlen, vor der gleichzeitigen Anwendung anderer Medikamente auf der Kopfhaut einen Abstand einzuhalten. Alkohol sollte vermieden werden, um Wechselwirkungen zu verhindern.<\/p>\n<h3><span class=\"ez-toc-section\" id=\"Dosierung_und_Art_der_Anwendung\"><\/span>Dosierung und Art der Anwendung<span class=\"ez-toc-section-end\"><\/span><\/h3>\n<p>Das Spray wird t\u00e4glich auf die trockene oder leicht feuchte Kopfhaut aufgetragen. Es soll gleichm\u00e4\u00dfig auf die betroffenen Stellen gespr\u00fcht werden, wobei die empfohlene Menge (z. B. 1-2 Spr\u00fchst\u00f6\u00dfe pro Anwendung) eingehalten wird. Das Produkt sollte sanft einmassiert werden. Die Anwendung erfolgt morgens und abends, je nach \u00e4rztlicher Empfehlung.<\/p>\n<h3><span class=\"ez-toc-section\" id=\"Behandlungsdauer\"><\/span>Behandlungsdauer<span class=\"ez-toc-section-end\"><\/span><\/h3>\n<p>Die Behandlung sollte regelm\u00e4\u00dfig \u00fcber mindestens 3 bis 6 Monate erfolgen, um erste sichtbare Ergebnisse zu erzielen. Bei anhaltender Anwendung kann der Behandlungserfolg l\u00e4nger aufrechterhalten werden.<\/p>\n<h3><span class=\"ez-toc-section\" id=\"Vorsichtsmassnahmen_und_Warnhinweise\"><\/span>Vorsichtsma\u00dfnahmen und Warnhinweise<span class=\"ez-toc-section-end\"><\/span><\/h3>\n<p>Das Produkt ist nicht f\u00fcr Kinder und Jugendliche unter 18 Jahren geeignet. Bei Hautreizungen oder allergischen Reaktionen ist die Anwendung sofort abzubrechen. Nicht in die Augen oder auf offene Wunden bringen.<\/p>\n<h3><span class=\"ez-toc-section\" id=\"Ueberdosierung\"><\/span>\u00dcberdosierung<span class=\"ez-toc-section-end\"><\/span><\/h3>\n<p>Eine \u00dcberdosierung ist unwahrscheinlich, da das Produkt topisch angewendet wird. Bei versehentlicher Einnahme oder \u00fcberm\u00e4\u00dfiger Anwendung ist eine \u00e4rztliche Beratung zu empfehlen.<\/p>\n<h3><span class=\"ez-toc-section\" id=\"Verfallsdatum\"><\/span>Verfallsdatum<span class=\"ez-toc-section-end\"><\/span><\/h3>\n<p>Das Medikament darf nach Ablauf des auf der Verpackung angegebenen Verfallsdatums nicht mehr verwendet werden.<\/p>\n<h3><span class=\"ez-toc-section\" id=\"Aufbewahrungsbedingungen\"><\/span>Aufbewahrungsbedingungen<span class=\"ez-toc-section-end\"><\/span><\/h3>\n<p>Das Spray ist bei Raumtemperatur (maximal 25\u202f\u00b0C) aufzubewahren. Es ist au\u00dferhalb der Reichweite von Kindern zu lagern, um eine unbeabsichtigte Anwendung zu vermeiden.<\/p>\n<h2><span class=\"ez-toc-section\" id=\"Verdexedil_im_Test_%E2%80%93_Echte_Erfahrungen_und_Bewertungen\"><\/span>Verdexedil im Test \u2013 Echte Erfahrungen und Bewertungen<span class=\"ez-toc-section-end\"><\/span><\/h2>\n<p>Viele Nutzer berichten in sozialen Medien und Foren, dass sie mit Verdexedil positive Erfahrungen gemacht haben. Besonders hervorheben viele die sichtbare Verbesserung des Haarvolumens und eine Verlangsamung des Haarausfalls nach einigen Wochen regelm\u00e4\u00dfiger Anwendung. F\u00fcr einige Anwender ist das Spray eine praktische und angenehme L\u00f6sung, die sich leicht in die t\u00e4gliche Pflegeroutine integrieren l\u00e4sst. Die meisten positiven Bewertungen betonen die Wirksamkeit bei leichtem bis mittelschwerem erblich bedingtem Haarausfall und sind zufrieden mit den sichtbaren Ergebnissen.<\/p>\n<p>Nat\u00fcrlich gibt es auch kritische Stimmen, die weniger zufrieden sind oder keine deutliche Verbesserung feststellen konnten. Manche Nutzer berichten, dass die Wirkung individuell sehr unterschiedlich ausf\u00e4llt und bei einigen nur geringe oder keine Ver\u00e4nderungen sichtbar sind. Auch einige negative R\u00fcckmeldungen beziehen sich auf m\u00f6gliche Nebenwirkungen wie Reizungen oder allergische Reaktionen. Insgesamt \u00fcberwiegen jedoch die positiven Meinungen, was auf die Wirksamkeit des Produkts f\u00fcr viele Anwender hindeutet.<\/p>\n<h2><span class=\"ez-toc-section\" id=\"Verdexedil_online_kaufen_in_Deutschland_Oesterreich_Schweiz_%E2%80%93_Preis_und_schnelle_Lieferung\"><\/span>Verdexedil online kaufen in Deutschland, \u00d6sterreich, Schweiz \u2013 Preis und schnelle Lieferung<span class=\"ez-toc-section-end\"><\/span><\/h2>\n<p>Verdexedil ist exklusiv in unserer Online-Apotheke &quot;Impf-Apotheke&quot; erh\u00e4ltlich. Wir haben einen direkten Vertrag mit dem Hersteller, wodurch wir als offizieller Partner das Produkt anbieten k\u00f6nnen. Damit garantieren wir echte Qualit\u00e4t und Originalit\u00e4t des Medikaments sowie eine einfache Bestellabwicklung direkt bei uns.<\/p>\n<h3><span class=\"ez-toc-section\" id=\"Preis\"><\/span>Preis<span class=\"ez-toc-section-end\"><\/span><\/h3>\n<p>Der Preis f\u00fcr Verdexedil betr\u00e4gt derzeit nur 39 Euro, statt regul\u00e4r 78 Euro, da aktuell eine attraktive Rabattaktion l\u00e4uft.<\/p>\n<h3><span class=\"ez-toc-section\" id=\"In_der_Apotheke_kaufen\"><\/span>In der Apotheke kaufen<span class=\"ez-toc-section-end\"><\/span><\/h3>\n<p>Das Medikament Verdexedil ist derzeit nicht in \u00f6sterreichischen, schweizerischen oder deutschen Apotheken wie Shop-Apotheke, Doc Morris, Apo-Discounter, Medpex, Apotal, Aponeo, Servus Apotheke, Shop Apotheke Austria, Vamida, Medistore, Amavita, TopPharm, BENU, Pharmacieplus, Rotpunkt Apotheken erh\u00e4ltlich, weil es nur in begrenzter Anzahl an ausgew\u00e4hlte Apotheken geliefert wird. Wir raten von K\u00e4ufen auf Marktpl\u00e4tzen wie eBay oder Amazon ab, um die Echtheit und Qualit\u00e4t des Produkts zu gew\u00e4hrleisten.<\/p>\n<h3><span class=\"ez-toc-section\" id=\"Zahlungs-_und_Liefermethoden\"><\/span>Zahlungs- und Liefermethoden<span class=\"ez-toc-section-end\"><\/span><\/h3>\n<p>Die Lieferung erfolgt durch zuverl\u00e4ssige Kurierdienste wie DHL, DPD, Hermes, GLS, UPS, \u00d6sterreichische Post, Schweizerische Post, FedEx, GO! Express oder Trans-o-flex. F\u00fcr eine komfortable und sichere Bezahlung bieten wir die Optionen Nachnahme, Kreditkarte, Apple Pay und Google Pay an, sodass Sie Ihren Einkauf bequem und gesch\u00fctzt abschlie\u00dfen k\u00f6nnen.<\/p>\n<h2><span class=\"ez-toc-section\" id=\"FAQ_Haeufig_gestellte_Fragen\"><\/span>FAQ: H\u00e4ufig gestellte Fragen<span class=\"ez-toc-section-end\"><\/span><\/h2>\n<div class=\"wp-faq-schema-wrap wp-faq-schema-accordion\">\n<div class=\"wp-faq-schema-items ui-accordion ui-widget ui-helper-reset\" role=\"tablist\">\n<h3 class=\"ui-accordion-header ui-corner-top ui-state-default ui-accordion-icons\" role=\"tab\" id=\"ui-id-1\" aria-controls=\"ui-id-2\" aria-expanded=\"false\"><span class=\"ez-toc-section\" id=\"Wie_wirkt_der_Verdexedil-Spray_gegen_Haarausfall\"><\/span>\n  Wie wirkt der Verdexedil-Spray gegen Haarausfall?<br \/>\n  <span class=\"ez-toc-section-end\"><\/span><\/h3>\n<div class=\"ui-accordion-content ui-corner-bottom ui-helper-reset ui-widget-content\" id=\"ui-id-2\" aria-labelledby=\"ui-id-1\" role=\"tabpanel\" aria-hidden=\"true\">\n<p>Der Spray enth\u00e4lt nat\u00fcrliche Inhaltsstoffe wie Rosmarin\u00f6l und Karnosins\u00e4ure, die die Haarfollikel st\u00e4rken und das Haarwachstum f\u00f6rdern k\u00f6nnen.  <\/p>\n<p>Ist der Verdexedil-Spray f\u00fcr alle Haartypen geeignet?<\/p>\n<\/p><\/div>\n<h3 class=\"ui-accordion-header ui-corner-top ui-state-default ui-accordion-icons\" role=\"tab\" id=\"ui-id-3\" aria-controls=\"ui-id-4\" aria-expanded=\"false\"><span class=\"ez-toc-section\" id=\"Kann_ich_Verdexedil-Spray_auch_bei_empfindlicher_Kopfhaut_verwenden\"><\/span>\n  Kann ich Verdexedil-Spray auch bei empfindlicher Kopfhaut verwenden?<br \/>\n  <span class=\"ez-toc-section-end\"><\/span><\/h3>\n<div class=\"ui-accordion-content ui-corner-bottom ui-helper-reset ui-widget-content\" id=\"ui-id-4\" aria-labelledby=\"ui-id-3\" role=\"tabpanel\" aria-hidden=\"true\">\n<p>Ja, der Spray ist schonend und kann auch bei empfindlicher Kopfhaut angewendet werden.  <\/p>\n<p>Wie lange dauert es, bis man Ergebnisse sieht?<\/p>\n<\/p><\/div>\n<h3 class=\"ui-accordion-header ui-corner-top ui-state-default ui-accordion-icons\" role=\"tab\" id=\"ui-id-5\" aria-controls=\"ui-id-6\" aria-expanded=\"false\"><span class=\"ez-toc-section\" id=\"Ist_der_Verdexedil-Spray_auch_fuer_die_Anwendung_bei_aelteren_Menschen_geeignet\"><\/span>\n  Ist der Verdexedil-Spray auch f\u00fcr die Anwendung bei \u00e4lteren Menschen geeignet?<br \/>\n  <span class=\"ez-toc-section-end\"><\/span><\/h3>\n<div class=\"ui-accordion-content ui-corner-bottom ui-helper-reset ui-widget-content\" id=\"ui-id-6\" aria-labelledby=\"ui-id-5\" role=\"tabpanel\" aria-hidden=\"true\">\n<p>Ja, der Spray kann auch von \u00e4lteren Menschen verwendet werden, allerdings sollte man bei bestehenden Gesundheitsproblemen vorher einen Arzt konsultieren.  <\/p>\n<p>Gibt es spezielle Anweisungen zur Anwendung des Verdexedil-Sprays?<\/p>\n<\/p><\/div>\n<h3 class=\"ui-accordion-header ui-corner-top ui-state-default ui-accordion-icons\" role=\"tab\" id=\"ui-id-7\" aria-controls=\"ui-id-8\" aria-expanded=\"false\"><span class=\"ez-toc-section\" id=\"Ist_der_Verdexedil-Spray_auch_fuer_die_Anwendung_bei_trockener_Kopfhaut_geeignet\"><\/span>\n  Ist der Verdexedil-Spray auch f\u00fcr die Anwendung bei trockener Kopfhaut geeignet?<br \/>\n  <span class=\"ez-toc-section-end\"><\/span><\/h3>\n<div class=\"ui-accordion-content ui-corner-bottom ui-helper-reset ui-widget-content\" id=\"ui-id-8\" aria-labelledby=\"ui-id-7\" role=\"tabpanel\" aria-hidden=\"true\">\n<p>Ja, der Spray enth\u00e4lt pflegende Inhaltsstoffe, die auch bei trockener Kopfhaut beruhigend wirken k\u00f6nnen.  <\/p>\n<p>Kann ich den Verdexedil-Spray bei offenen Wunden oder Hautreizungen verwenden?<\/p>\n<\/p><\/div>\n<h3 class=\"ui-accordion-header ui-corner-top ui-state-default ui-accordion-icons\" role=\"tab\" id=\"ui-id-9\" aria-controls=\"ui-id-10\" aria-expanded=\"false\"><span class=\"ez-toc-section\" id=\"Ist_der_Verdexedil-Spray_auch_fuer_die_Anwendung_bei_Jugendlichen_geeignet\"><\/span>\n  Ist der Verdexedil-Spray auch f\u00fcr die Anwendung bei Jugendlichen geeignet?<br \/>\n  <span class=\"ez-toc-section-end\"><\/span><\/h3>\n<div class=\"ui-accordion-content ui-corner-bottom ui-helper-reset ui-widget-content\" id=\"ui-id-10\" aria-labelledby=\"ui-id-9\" role=\"tabpanel\" aria-hidden=\"true\">\n<p>F\u00fcr Jugendliche unter 18 Jahren sollte vor der Anwendung ein Arzt konsultiert werden.  <\/p>\n<p>Kann der Verdexedil-Spray bei Haarausfall durch Stress helfen?<\/p>\n<\/p><\/div>\n<\/div>\n<\/div>\n","protected":false},"excerpt":{"rendered":"<p>Was ist Verdexedil und wof\u00fcr wird es angewendet? Verdexedil ist ein spezieller Haarspray, der entwickelt wurde, um den Haarausfall zu [&hellip;]<\/p>\n","protected":false},"featured_media":259,"comment_status":"open","ping_status":"closed","template":"","meta":{"site-sidebar-layout":"default","site-content-layout":"","ast-site-content-layout":"default","site-content-style":"default","site-sidebar-style":"default","ast-global-header-display":"","ast-banner-title-visibility":"","ast-main-header-display":"","ast-hfb-above-header-display":"","ast-hfb-below-header-display":"","ast-hfb-mobile-header-display":"","site-post-title":"","ast-breadcrumbs-content":"","ast-featured-img":"","footer-sml-layout":"","ast-disable-related-posts":"","theme-transparent-header-meta":"","adv-header-id-meta":"","stick-header-meta":"","header-above-stick-meta":"","header-main-stick-meta":"","header-below-stick-meta":"","astra-migrate-meta-layouts":"default","ast-page-background-enabled":"default","ast-page-background-meta":{"desktop":{"background-color":"var(--ast-global-color-5)","background-image":"","background-repeat":"repeat","background-position":"center center","background-size":"auto","background-attachment":"scroll","background-type":"","background-media":"","overlay-type":"","overlay-color":"","overlay-opacity":"","overlay-gradient":""},"tablet":{"background-color":"","background-image":"","background-repeat":"repeat","background-position":"center center","background-size":"auto","background-attachment":"scroll","background-type":"","background-media":"","overlay-type":"","overlay-color":"","overlay-opacity":"","overlay-gradient":""},"mobile":{"background-color":"","background-image":"","background-repeat":"repeat","background-position":"center center","background-size":"auto","background-attachment":"scroll","background-type":"","background-media":"","overlay-type":"","overlay-color":"","overlay-opacity":"","overlay-gradient":""}},"ast-content-background-meta":{"desktop":{"background-color":"var(--ast-global-color-4)","background-image":"","background-repeat":"repeat","background-position":"center center","background-size":"auto","background-attachment":"scroll","background-type":"","background-media":"","overlay-type":"","overlay-color":"","overlay-opacity":"","overlay-gradient":""},"tablet":{"background-color":"var(--ast-global-color-4)","background-image":"","background-repeat":"repeat","background-position":"center center","background-size":"auto","background-attachment":"scroll","background-type":"","background-media":"","overlay-type":"","overlay-color":"","overlay-opacity":"","overlay-gradient":""},"mobile":{"background-color":"var(--ast-global-color-4)","background-image":"","background-repeat":"repeat","background-position":"center center","background-size":"auto","background-attachment":"scroll","background-type":"","background-media":"","overlay-type":"","overlay-color":"","overlay-opacity":"","overlay-gradient":""}}},"product_brand":[],"product_cat":[18],"product_tag":[],"class_list":{"0":"post-260","1":"product","2":"type-product","3":"status-publish","4":"has-post-thumbnail","6":"product_cat-schoenheit-und-pflege","7":"desktop-align-left","8":"tablet-align-left","9":"mobile-align-left","11":"first","12":"instock","13":"sale","14":"shipping-taxable","15":"product-type-external"},"yoast_head":"<!-- This site is optimized with the Yoast SEO plugin v27.3 - https:\/\/yoast.com\/product\/yoast-seo-wordpress\/ -->\n<title>Verdexedil ? Preis, Apotheke, Erfahrungen, Beipackzettel, Test \u2705 Impf-Apotheke<\/title>\n<meta name=\"description\" content=\"\u274c Verdexedil in Ihrer Online-Apotheke \u2013 verf\u00fcgbar in Deutschland, \u00d6sterreich &amp; Schweiz ? Infos zur Anwendung, Preis &amp; schneller Versand\" \/>\n<meta name=\"robots\" content=\"index, follow, max-snippet:-1, max-image-preview:large, max-video-preview:-1\" \/>\n<link rel=\"canonical\" href=\"https:\/\/permanente-impfambulanz.de\/apotheke\/apothekenprodukte\/verdexedil-spray\/\" \/>\n<meta property=\"og:locale\" content=\"de_DE\" \/>\n<meta property=\"og:type\" content=\"article\" \/>\n<meta property=\"og:title\" content=\"Verdexedil ? Preis, Apotheke, Erfahrungen, Beipackzettel, Test \u2705 Impf-Apotheke\" \/>\n<meta property=\"og:description\" content=\"\u274c Verdexedil in Ihrer Online-Apotheke \u2013 verf\u00fcgbar in Deutschland, \u00d6sterreich &amp; Schweiz ? Infos zur Anwendung, Preis &amp; schneller Versand\" \/>\n<meta property=\"og:url\" content=\"https:\/\/permanente-impfambulanz.de\/apotheke\/apothekenprodukte\/verdexedil-spray\/\" \/>\n<meta property=\"og:site_name\" content=\"Impf-Apotheke\" \/>\n<meta property=\"article:modified_time\" content=\"2025-05-03T17:33:46+00:00\" \/>\n<meta property=\"og:image\" content=\"https:\/\/permanente-impfambulanz.de\/apotheke\/wp-content\/uploads\/2025\/05\/verdexedil.webp\" \/>\n\t<meta property=\"og:image:width\" content=\"600\" \/>\n\t<meta property=\"og:image:height\" content=\"600\" \/>\n\t<meta property=\"og:image:type\" content=\"image\/webp\" \/>\n<meta name=\"twitter:card\" content=\"summary_large_image\" \/>\n<meta name=\"twitter:label1\" content=\"Gesch\u00e4tzte Lesezeit\" \/>\n\t<meta name=\"twitter:data1\" content=\"10\u00a0Minuten\" \/>\n<script type=\"application\/ld+json\" class=\"yoast-schema-graph\">{\"@context\":\"https:\\\/\\\/schema.org\",\"@graph\":[{\"@type\":\"WebPage\",\"@id\":\"https:\\\/\\\/permanente-impfambulanz.de\\\/apotheke\\\/apothekenprodukte\\\/verdexedil-spray\\\/\",\"url\":\"https:\\\/\\\/permanente-impfambulanz.de\\\/apotheke\\\/apothekenprodukte\\\/verdexedil-spray\\\/\",\"name\":\"Verdexedil ? Preis, Apotheke, Erfahrungen, Beipackzettel, Test \u2705 Impf-Apotheke\",\"isPartOf\":{\"@id\":\"https:\\\/\\\/permanente-impfambulanz.de\\\/apotheke\\\/#website\"},\"primaryImageOfPage\":{\"@id\":\"https:\\\/\\\/permanente-impfambulanz.de\\\/apotheke\\\/apothekenprodukte\\\/verdexedil-spray\\\/#primaryimage\"},\"image\":{\"@id\":\"https:\\\/\\\/permanente-impfambulanz.de\\\/apotheke\\\/apothekenprodukte\\\/verdexedil-spray\\\/#primaryimage\"},\"thumbnailUrl\":\"https:\\\/\\\/permanente-impfambulanz.de\\\/apotheke\\\/wp-content\\\/uploads\\\/2025\\\/05\\\/verdexedil.webp\",\"datePublished\":\"2025-05-03T17:33:37+00:00\",\"dateModified\":\"2025-05-03T17:33:46+00:00\",\"description\":\"\u274c Verdexedil in Ihrer Online-Apotheke \u2013 verf\u00fcgbar in Deutschland, \u00d6sterreich & Schweiz ? Infos zur Anwendung, Preis & schneller Versand\",\"breadcrumb\":{\"@id\":\"https:\\\/\\\/permanente-impfambulanz.de\\\/apotheke\\\/apothekenprodukte\\\/verdexedil-spray\\\/#breadcrumb\"},\"inLanguage\":\"de\",\"potentialAction\":[{\"@type\":\"ReadAction\",\"target\":[\"https:\\\/\\\/permanente-impfambulanz.de\\\/apotheke\\\/apothekenprodukte\\\/verdexedil-spray\\\/\"]}]},{\"@type\":\"ImageObject\",\"inLanguage\":\"de\",\"@id\":\"https:\\\/\\\/permanente-impfambulanz.de\\\/apotheke\\\/apothekenprodukte\\\/verdexedil-spray\\\/#primaryimage\",\"url\":\"https:\\\/\\\/permanente-impfambulanz.de\\\/apotheke\\\/wp-content\\\/uploads\\\/2025\\\/05\\\/verdexedil.webp\",\"contentUrl\":\"https:\\\/\\\/permanente-impfambulanz.de\\\/apotheke\\\/wp-content\\\/uploads\\\/2025\\\/05\\\/verdexedil.webp\",\"width\":600,\"height\":600},{\"@type\":\"BreadcrumbList\",\"@id\":\"https:\\\/\\\/permanente-impfambulanz.de\\\/apotheke\\\/apothekenprodukte\\\/verdexedil-spray\\\/#breadcrumb\",\"itemListElement\":[{\"@type\":\"ListItem\",\"position\":1,\"name\":\"\u0413\u043b\u0430\u0432\u043d\u0430\u044f \u0441\u0442\u0440\u0430\u043d\u0438\u0446\u0430\",\"item\":\"https:\\\/\\\/permanente-impfambulanz.de\\\/apotheke\\\/\"},{\"@type\":\"ListItem\",\"position\":2,\"name\":\"Online Apotheke mit Lieferung nach ganz Deutschland\",\"item\":\"https:\\\/\\\/permanente-impfambulanz.de\\\/apotheke\\\/\"},{\"@type\":\"ListItem\",\"position\":3,\"name\":\"Verdexedil Spray\"}]},{\"@type\":\"WebSite\",\"@id\":\"https:\\\/\\\/permanente-impfambulanz.de\\\/apotheke\\\/#website\",\"url\":\"https:\\\/\\\/permanente-impfambulanz.de\\\/apotheke\\\/\",\"name\":\"Impf-Apotheke\",\"description\":\"\",\"potentialAction\":[{\"@type\":\"SearchAction\",\"target\":{\"@type\":\"EntryPoint\",\"urlTemplate\":\"https:\\\/\\\/permanente-impfambulanz.de\\\/apotheke\\\/?s={search_term_string}\"},\"query-input\":{\"@type\":\"PropertyValueSpecification\",\"valueRequired\":true,\"valueName\":\"search_term_string\"}}],\"inLanguage\":\"de\"}]}<\/script>\n<!-- \/ Yoast SEO plugin. -->","yoast_head_json":{"title":"Verdexedil ? Preis, Apotheke, Erfahrungen, Beipackzettel, Test \u2705 Impf-Apotheke","description":"\u274c Verdexedil in Ihrer Online-Apotheke \u2013 verf\u00fcgbar in Deutschland, \u00d6sterreich & Schweiz ? Infos zur Anwendung, Preis & schneller Versand","robots":{"index":"index","follow":"follow","max-snippet":"max-snippet:-1","max-image-preview":"max-image-preview:large","max-video-preview":"max-video-preview:-1"},"canonical":"https:\/\/permanente-impfambulanz.de\/apotheke\/apothekenprodukte\/verdexedil-spray\/","og_locale":"de_DE","og_type":"article","og_title":"Verdexedil ? Preis, Apotheke, Erfahrungen, Beipackzettel, Test \u2705 Impf-Apotheke","og_description":"\u274c Verdexedil in Ihrer Online-Apotheke \u2013 verf\u00fcgbar in Deutschland, \u00d6sterreich & Schweiz ? Infos zur Anwendung, Preis & schneller Versand","og_url":"https:\/\/permanente-impfambulanz.de\/apotheke\/apothekenprodukte\/verdexedil-spray\/","og_site_name":"Impf-Apotheke","article_modified_time":"2025-05-03T17:33:46+00:00","og_image":[{"width":600,"height":600,"url":"https:\/\/permanente-impfambulanz.de\/apotheke\/wp-content\/uploads\/2025\/05\/verdexedil.webp","type":"image\/webp"}],"twitter_card":"summary_large_image","twitter_misc":{"Gesch\u00e4tzte Lesezeit":"10\u00a0Minuten"},"schema":{"@context":"https:\/\/schema.org","@graph":[{"@type":"WebPage","@id":"https:\/\/permanente-impfambulanz.de\/apotheke\/apothekenprodukte\/verdexedil-spray\/","url":"https:\/\/permanente-impfambulanz.de\/apotheke\/apothekenprodukte\/verdexedil-spray\/","name":"Verdexedil ? Preis, Apotheke, Erfahrungen, Beipackzettel, Test \u2705 Impf-Apotheke","isPartOf":{"@id":"https:\/\/permanente-impfambulanz.de\/apotheke\/#website"},"primaryImageOfPage":{"@id":"https:\/\/permanente-impfambulanz.de\/apotheke\/apothekenprodukte\/verdexedil-spray\/#primaryimage"},"image":{"@id":"https:\/\/permanente-impfambulanz.de\/apotheke\/apothekenprodukte\/verdexedil-spray\/#primaryimage"},"thumbnailUrl":"https:\/\/permanente-impfambulanz.de\/apotheke\/wp-content\/uploads\/2025\/05\/verdexedil.webp","datePublished":"2025-05-03T17:33:37+00:00","dateModified":"2025-05-03T17:33:46+00:00","description":"\u274c Verdexedil in Ihrer Online-Apotheke \u2013 verf\u00fcgbar in Deutschland, \u00d6sterreich & Schweiz ? Infos zur Anwendung, Preis & schneller Versand","breadcrumb":{"@id":"https:\/\/permanente-impfambulanz.de\/apotheke\/apothekenprodukte\/verdexedil-spray\/#breadcrumb"},"inLanguage":"de","potentialAction":[{"@type":"ReadAction","target":["https:\/\/permanente-impfambulanz.de\/apotheke\/apothekenprodukte\/verdexedil-spray\/"]}]},{"@type":"ImageObject","inLanguage":"de","@id":"https:\/\/permanente-impfambulanz.de\/apotheke\/apothekenprodukte\/verdexedil-spray\/#primaryimage","url":"https:\/\/permanente-impfambulanz.de\/apotheke\/wp-content\/uploads\/2025\/05\/verdexedil.webp","contentUrl":"https:\/\/permanente-impfambulanz.de\/apotheke\/wp-content\/uploads\/2025\/05\/verdexedil.webp","width":600,"height":600},{"@type":"BreadcrumbList","@id":"https:\/\/permanente-impfambulanz.de\/apotheke\/apothekenprodukte\/verdexedil-spray\/#breadcrumb","itemListElement":[{"@type":"ListItem","position":1,"name":"\u0413\u043b\u0430\u0432\u043d\u0430\u044f \u0441\u0442\u0440\u0430\u043d\u0438\u0446\u0430","item":"https:\/\/permanente-impfambulanz.de\/apotheke\/"},{"@type":"ListItem","position":2,"name":"Online Apotheke mit Lieferung nach ganz Deutschland","item":"https:\/\/permanente-impfambulanz.de\/apotheke\/"},{"@type":"ListItem","position":3,"name":"Verdexedil Spray"}]},{"@type":"WebSite","@id":"https:\/\/permanente-impfambulanz.de\/apotheke\/#website","url":"https:\/\/permanente-impfambulanz.de\/apotheke\/","name":"Impf-Apotheke","description":"","potentialAction":[{"@type":"SearchAction","target":{"@type":"EntryPoint","urlTemplate":"https:\/\/permanente-impfambulanz.de\/apotheke\/?s={search_term_string}"},"query-input":{"@type":"PropertyValueSpecification","valueRequired":true,"valueName":"search_term_string"}}],"inLanguage":"de"}]}},"_links":{"self":[{"href":"https:\/\/permanente-impfambulanz.de\/apotheke\/wp-json\/wp\/v2\/product\/260","targetHints":{"allow":["GET"]}}],"collection":[{"href":"https:\/\/permanente-impfambulanz.de\/apotheke\/wp-json\/wp\/v2\/product"}],"about":[{"href":"https:\/\/permanente-impfambulanz.de\/apotheke\/wp-json\/wp\/v2\/types\/product"}],"replies":[{"embeddable":true,"href":"https:\/\/permanente-impfambulanz.de\/apotheke\/wp-json\/wp\/v2\/comments?post=260"}],"wp:featuredmedia":[{"embeddable":true,"href":"https:\/\/permanente-impfambulanz.de\/apotheke\/wp-json\/wp\/v2\/media\/259"}],"wp:attachment":[{"href":"https:\/\/permanente-impfambulanz.de\/apotheke\/wp-json\/wp\/v2\/media?parent=260"}],"wp:term":[{"taxonomy":"product_brand","embeddable":true,"href":"https:\/\/permanente-impfambulanz.de\/apotheke\/wp-json\/wp\/v2\/product_brand?post=260"},{"taxonomy":"product_cat","embeddable":true,"href":"https:\/\/permanente-impfambulanz.de\/apotheke\/wp-json\/wp\/v2\/product_cat?post=260"},{"taxonomy":"product_tag","embeddable":true,"href":"https:\/\/permanente-impfambulanz.de\/apotheke\/wp-json\/wp\/v2\/product_tag?post=260"}],"curies":[{"name":"wp","href":"https:\/\/api.w.org\/{rel}","templated":true}]}}